{"id":39070,"date":"2026-01-07T11:22:22","date_gmt":"2026-01-07T10:22:22","guid":{"rendered":"https:\/\/bernstein-network.de\/newsroom\/media-coverage\/media-coverage-2025\/"},"modified":"2026-01-07T11:51:47","modified_gmt":"2026-01-07T10:51:47","slug":"media-coverage-2025","status":"publish","type":"page","link":"https:\/\/bernstein-network.de\/en\/newsroom\/media-coverage\/media-coverage-2025\/","title":{"rendered":"Media Coverage 2025"},"content":{"rendered":"<div id='av_section_1'  class='avia-section av-n40e1-977360b3f36b0d9c4098fbc90d7c39be main_color avia-section-default avia-no-border-styling  avia-builder-el-0  el_before_av_section  avia-builder-el-first  avia-bg-style-scroll container_wrap fullsize'  ><div class='container av-section-cont-open' ><main  class='template-page content  av-content-full alpha units'><div class='post-entry post-entry-type-page post-entry-39070'><div class='entry-content-wrapper clearfix'>\n\n<style type=\"text\/css\" data-created_by=\"avia_inline_auto\" id=\"style-css-av-h82rd-afd7df364cd27c023142ce576c6b41ed\">\n.flex_column.av-h82rd-afd7df364cd27c023142ce576c6b41ed{\nborder-radius:0px 0px 0px 0px;\npadding:0px 0px 0px 0px;\n}\n<\/style>\n<div  class='flex_column av-h82rd-afd7df364cd27c023142ce576c6b41ed av_one_full  avia-builder-el-1  el_before_av_one_full  avia-builder-el-first  first flex_column_div av-zero-column-padding  '     ><style type=\"text\/css\" data-created_by=\"avia_inline_auto\" id=\"style-css-av-kybfq6tu-73dc3aa6bc9280b8e26a89ef7e5e448b\">\n#top .av-special-heading.av-kybfq6tu-73dc3aa6bc9280b8e26a89ef7e5e448b{\npadding-bottom:10px;\n}\nbody .av-special-heading.av-kybfq6tu-73dc3aa6bc9280b8e26a89ef7e5e448b .av-special-heading-tag .heading-char{\nfont-size:25px;\n}\n.av-special-heading.av-kybfq6tu-73dc3aa6bc9280b8e26a89ef7e5e448b .av-subheading{\nfont-size:15px;\n}\n<\/style>\n<div  class='av-special-heading av-kybfq6tu-73dc3aa6bc9280b8e26a89ef7e5e448b av-special-heading-h1 blockquote modern-quote  avia-builder-el-2  avia-builder-el-no-sibling '><h1 class='av-special-heading-tag '  >Media Coverage 2025<\/h1><div class=\"special-heading-border\"><div class=\"special-heading-inner-border\"><\/div><\/div><\/div><\/div>\n<style type=\"text\/css\" data-created_by=\"avia_inline_auto\" id=\"style-css-av-bjk3t-4471033ebf8195607f75d554a3b1be06\">\n.flex_column.av-bjk3t-4471033ebf8195607f75d554a3b1be06{\nborder-radius:0px 0px 0px 0px;\npadding:0px 0px 0px 0px;\n}\n<\/style>\n<div  class='flex_column av-bjk3t-4471033ebf8195607f75d554a3b1be06 av_one_full  avia-builder-el-3  el_after_av_one_full  avia-builder-el-last  first flex_column_div av-zero-column-padding  column-top-margin'     ><section  class='av_textblock_section av-kd5r0eyz-380338594ef5b90a7de88a9effd8b417 '  ><div class='avia_textblock' ><p>Below you&#8217;ll find the national and international media response of the year 2025.<\/p>\n<\/div><\/section><\/div>\n\n<\/div><\/div><\/main><!-- close content main element --><\/div><\/div><div id='av_section_2'  class='avia-section av-n40e1-11-176fb6baac4b44e362cded3d3fb93af5 alternate_color avia-section-default avia-no-border-styling  avia-builder-el-5  el_after_av_section  el_before_av_section  avia-bg-style-scroll container_wrap fullsize'  ><div class='container av-section-cont-open' ><div class='template-page content  av-content-full alpha units'><div class='post-entry post-entry-type-page post-entry-39070'><div class='entry-content-wrapper clearfix'>\n\n<style type=\"text\/css\" data-created_by=\"avia_inline_auto\" id=\"style-css-av-bjk3t-9-f797142f6f7fbd2a903239182d51e06f\">\n.flex_column.av-bjk3t-9-f797142f6f7fbd2a903239182d51e06f{\nborder-radius:0px 0px 0px 0px;\npadding:0px 0px 0px 0px;\n}\n<\/style>\n<div  class='flex_column av-bjk3t-9-f797142f6f7fbd2a903239182d51e06f av_one_third  avia-builder-el-6  el_before_av_one_third  avia-builder-el-first  first flex_column_div av-zero-column-padding  '     ><div  class='avia-button-wrap av-kdyruvhh-a5ce16b79ed5bf027400983926f66fac-wrap avia-button-center  avia-builder-el-7  avia-builder-el-no-sibling '><a href='#tv-video'  class='avia-button av-kdyruvhh-a5ce16b79ed5bf027400983926f66fac av-link-btn avia-icon_select-no avia-size-large avia-position-center av-icon-on-hover avia-color-dark'   aria-label=\"TV\/Video\"><span class='avia_iconbox_title' >TV\/Video<\/span><\/a><\/div><\/div>\n<style type=\"text\/css\" data-created_by=\"avia_inline_auto\" id=\"style-css-av-bjk3t-6-c84118001ccb098b5092dd6333b33450\">\n.flex_column.av-bjk3t-6-c84118001ccb098b5092dd6333b33450{\nborder-radius:0px 0px 0px 0px;\npadding:0px 0px 0px 0px;\n}\n<\/style>\n<div  class='flex_column av-bjk3t-6-c84118001ccb098b5092dd6333b33450 av_one_third  avia-builder-el-8  el_after_av_one_third  el_before_av_one_third  flex_column_div av-zero-column-padding  '     ><div  class='avia-button-wrap av-kdyruvhh-5-801ee1df2b63b0e6395dbba7cc016505-wrap avia-button-center  avia-builder-el-9  avia-builder-el-no-sibling '><a href='#audio'  class='avia-button av-kdyruvhh-5-801ee1df2b63b0e6395dbba7cc016505 av-link-btn avia-icon_select-no avia-size-large avia-position-center av-icon-on-hover avia-color-dark'   aria-label=\"Audio\"><span class='avia_iconbox_title' >Audio<\/span><\/a><\/div><\/div>\n<style type=\"text\/css\" data-created_by=\"avia_inline_auto\" id=\"style-css-av-bjk3t-4-53a5207e687d2c8f0e9bfc42a1a08b80\">\n.flex_column.av-bjk3t-4-53a5207e687d2c8f0e9bfc42a1a08b80{\nborder-radius:0px 0px 0px 0px;\npadding:0px 0px 0px 0px;\n}\n<\/style>\n<div  class='flex_column av-bjk3t-4-53a5207e687d2c8f0e9bfc42a1a08b80 av_one_third  avia-builder-el-10  el_after_av_one_third  avia-builder-el-last  flex_column_div av-zero-column-padding  '     ><div  class='avia-button-wrap av-kdyruvhh-3-34303e37882356de02b5e15c63a875b0-wrap avia-button-center  avia-builder-el-11  avia-builder-el-no-sibling '><a href='#newspaper-magazines-articles-online'  class='avia-button av-kdyruvhh-3-34303e37882356de02b5e15c63a875b0 av-link-btn avia-icon_select-no avia-size-large avia-position-center av-icon-on-hover avia-color-dark'   aria-label=\"Newspaper\/Magazines\/Articles online\"><span class='avia_iconbox_title' >Newspaper\/Magazines\/Articles online<\/span><\/a><\/div><\/div><\/div><\/div><\/div><!-- close content main div --><\/div><\/div><div id='av_section_3'  class='avia-section av-n40e1-7-c82560abf2a4b0993db46bab00916351 main_color avia-section-default avia-no-border-styling  avia-builder-el-12  el_after_av_section  el_before_av_section  avia-bg-style-scroll container_wrap fullsize'  ><div class='container av-section-cont-open' ><div class='template-page content  av-content-full alpha units'><div class='post-entry post-entry-type-page post-entry-39070'><div class='entry-content-wrapper clearfix'>\n\n<style type=\"text\/css\" data-created_by=\"avia_inline_auto\" id=\"style-css-av-bjk3t-2-a4a8c6fcd295c85698c968938f6d306a\">\n.flex_column.av-bjk3t-2-a4a8c6fcd295c85698c968938f6d306a{\nborder-radius:0px 0px 0px 0px;\npadding:0px 0px 0px 0px;\n}\n<\/style>\n<div  class='flex_column av-bjk3t-2-a4a8c6fcd295c85698c968938f6d306a av_one_full  avia-builder-el-13  avia-builder-el-no-sibling  first flex_column_div av-zero-column-padding  '     ><section  class='av_textblock_section av-kd5r0eyz-8-aa8b059ee3f75942c189f174c35b0dd8 '  ><div class='avia_textblock' >\n\n\n<div id=\"wpv-view-layout-39062\" class=\"js-wpv-view-layout js-wpv-layout-responsive js-wpv-view-layout-39062\" data-viewnumber=\"39062\" data-pagination=\"{&quot;id&quot;:39062,&quot;query&quot;:&quot;normal&quot;,&quot;type&quot;:&quot;disabled&quot;,&quot;effect&quot;:&quot;fade&quot;,&quot;duration&quot;:500,&quot;speed&quot;:5,&quot;pause_on_hover&quot;:&quot;enabled&quot;,&quot;stop_rollover&quot;:&quot;false&quot;,&quot;cache_pages&quot;:&quot;enabled&quot;,&quot;preload_images&quot;:&quot;enabled&quot;,&quot;preload_pages&quot;:&quot;enabled&quot;,&quot;preload_reach&quot;:1,&quot;spinner&quot;:&quot;builtin&quot;,&quot;spinner_image&quot;:&quot;https:\/\/bernstein-network.de\/wp-content\/plugins\/wp-views\/embedded\/res\/img\/ajax-loader.gif&quot;,&quot;callback_next&quot;:&quot;&quot;,&quot;manage_history&quot;:&quot;disabled&quot;,&quot;has_controls_in_form&quot;:&quot;disabled&quot;,&quot;infinite_tolerance&quot;:&quot;0&quot;,&quot;max_pages&quot;:1,&quot;page&quot;:1,&quot;base_permalink&quot;:&quot;\/en\/wp-json\/wp\/v2\/pages\/39070?wpv_view_count=39062&amp;wpv_paged=WPV_PAGE_NUM&quot;,&quot;loop&quot;:{&quot;type&quot;:&quot;&quot;,&quot;name&quot;:&quot;&quot;,&quot;data&quot;:[],&quot;id&quot;:0}}\" data-permalink=\"\/en\/wp-json\/wp\/v2\/pages\/39070?wpv_view_count=39062\">\n\n\t\n\t\n\t\n\t\t<div class=\"medienecho-uebersicht-parent\"><h2 id=\"tv-video\">TV\/Video<\/h2>\n<div>\n\n\n<div id=\"wpv-view-layout-810-CTID268\" class=\"js-wpv-view-layout js-wpv-layout-responsive js-wpv-view-layout-810-CTID268\" data-viewnumber=\"810-CTID268\" data-pagination=\"{&quot;id&quot;:810,&quot;query&quot;:&quot;normal&quot;,&quot;type&quot;:&quot;disabled&quot;,&quot;effect&quot;:&quot;fade&quot;,&quot;duration&quot;:500,&quot;speed&quot;:5,&quot;pause_on_hover&quot;:&quot;disabled&quot;,&quot;stop_rollover&quot;:&quot;false&quot;,&quot;cache_pages&quot;:&quot;enabled&quot;,&quot;preload_images&quot;:&quot;enabled&quot;,&quot;preload_pages&quot;:&quot;enabled&quot;,&quot;preload_reach&quot;:1,&quot;spinner&quot;:&quot;builtin&quot;,&quot;spinner_image&quot;:&quot;https:\/\/bernstein-network.de\/wp-content\/plugins\/wp-views\/embedded\/res\/img\/ajax-loader.gif&quot;,&quot;callback_next&quot;:&quot;&quot;,&quot;manage_history&quot;:&quot;disabled&quot;,&quot;has_controls_in_form&quot;:&quot;disabled&quot;,&quot;infinite_tolerance&quot;:&quot;0&quot;,&quot;max_pages&quot;:0,&quot;page&quot;:1,&quot;base_permalink&quot;:&quot;\/en\/wp-json\/wp\/v2\/pages\/39070?wpv_view_count=810-CTID268&amp;wpv_paged=WPV_PAGE_NUM&quot;,&quot;loop&quot;:{&quot;type&quot;:&quot;&quot;,&quot;name&quot;:&quot;&quot;,&quot;data&quot;:&#091;&#093;,&quot;id&quot;:0}}\" data-permalink=\"\/en\/wp-json\/wp\/v2\/pages\/39070?wpv_view_count=810-CTID268\">\n\n\t\n\t\n\t\n\t\t<div class=\"medienecho-inner-wrapper\">\n  <h4><a href=\"https:\/\/www.fernsehserien.de\/42-die-antwort-auf-fast-alles\/folgen\/179-wie-frei-entscheiden-wir-wirklich-1837490\" target='_blank' rel=\"noopener noreferrer\">42 &#8211; Die Antwort auf fast alles: Wie frei entscheiden wir wirklich?<\/a><\/h4>\n  <div>\n      <span>\n        \n        <strong>Source:<\/strong> \n        arte\n      <\/span>\n      | \n      <span>\n      \t\n        <strong>Date:<\/strong> \n        09.11.2025\n      <\/span>\n       | \n      \t<span>\n        \t\n            <strong>Scientist:<\/strong> \n            John-Dylan Haynes\n        <\/span>\n      \n  <\/div>\n<\/div>\n\t\n\t\t<div class=\"medienecho-inner-wrapper\">\n  <h4><a href=\"https:\/\/www.prisma.de\/tv-programm\/Hirschhausen-und-der-Schmerz,52956948\" target='_blank' rel=\"noopener noreferrer\">Hirschhausen und der Schmerz<\/a><\/h4>\n  <div>\n      <span>\n        \n        <strong>Source:<\/strong> \n        Das Erste\n      <\/span>\n      | \n      <span>\n      \t\n        <strong>Date:<\/strong> \n        07.10.2025\n      <\/span>\n       | \n      \t<span>\n        \t\n            <strong>Scientist:<\/strong> \n            Christian B\u00fcchel\n        <\/span>\n      \n  <\/div>\n<\/div>\n\t\n\t\t<div class=\"medienecho-inner-wrapper\">\n  <h4><a href=\"https:\/\/www.ndr.de\/fernsehen\/programm\/epg\/42-die-antwort-auf-fast-alles,sendung-13192.html\" target='_blank' rel=\"noopener noreferrer\">K\u00f6nnen wir Erinnerung festhalten?<\/a><\/h4>\n  <div>\n      <span>\n        \n        <strong>Source:<\/strong> \n        NDR\n      <\/span>\n      | \n      <span>\n      \t\n        <strong>Date:<\/strong> \n        20.09.2025\n      <\/span>\n       | \n      \t<span>\n        \t\n            <strong>Scientist:<\/strong> \n            Denise Manahan-Vaughan\n        <\/span>\n      \n  <\/div>\n<\/div>\n\t\n\t\t<div class=\"medienecho-inner-wrapper\">\n  <h4><a href=\"https:\/\/www.tvbutler.at\/tv-programm\/sendung\/?bcast_id=41317133\" target='_blank' rel=\"noopener noreferrer\">Animal Mysteries \u2013 Unglaubliches Tierverhalten<\/a><\/h4>\n  <div>\n      <span>\n        \n        <strong>Source:<\/strong> \n        Animal Planet\n      <\/span>\n      | \n      <span>\n      \t\n        <strong>Date:<\/strong> \n        01.07.2025\n      <\/span>\n       | \n      \t<span>\n        \t\n            <strong>Scientist:<\/strong> \n            Michael Brecht\n        <\/span>\n      \n  <\/div>\n<\/div>\n\t\n\t\t<div class=\"medienecho-inner-wrapper\">\n  <h4><a href=\"https:\/\/www.dw.com\/en\/crisis-fatigue-the-psychological-impact-of-a-world-in-crisis\/a-72895016\" target='_blank' rel=\"noopener noreferrer\">Crisis fatigue &#8211; The impact of a world in crisis<\/a><\/h4>\n  <div>\n      <span>\n        \n        <strong>Source:<\/strong> \n        DW English\n      <\/span>\n      | \n      <span>\n      \t\n        <strong>Date:<\/strong> \n        16.06.2025\n      <\/span>\n       | \n      \t<span>\n        \t\n            <strong>Scientist:<\/strong> \n            Ursula Koch\n        <\/span>\n      \n  <\/div>\n<\/div>\n\t\n\t\t<div class=\"medienecho-inner-wrapper\">\n  <h4><a href=\"https:\/\/www.hoerzu.de\/tv-programm\/42-die-antwort-auf-fast-alles-koennen-wir-erinnerung-festhalten\/bid_197281418\/\" target='_blank' rel=\"noopener noreferrer\">42 &#8211; Die Antwort auf fast alles: K\u00f6nnen wir Erinnerung festhalten?<\/a><\/h4>\n  <div>\n      <span>\n        \n        <strong>Source:<\/strong> \n        ARD Alpha\n      <\/span>\n      | \n      <span>\n      \t\n        <strong>Date:<\/strong> \n        02.06.2025\n      <\/span>\n       | \n      \t<span>\n        \t\n            <strong>Scientist:<\/strong> \n            Denise Manahan-Vaughan\n        <\/span>\n      \n  <\/div>\n<\/div>\n\t\n\t\t<div class=\"medienecho-inner-wrapper\">\n  <h4><a href=\"https:\/\/www.zdf.de\/play\/dokus\/frieden-freiheit-gerechtigkeit-was-die-welt-besser-macht-mit-mirko-drotschmann-dokureihe-100\/was-die-welt-besser-macht-freiheit-mit-mirko-drotschmann-doku-100\" target='_blank' rel=\"noopener noreferrer\">Was die Welt besser macht &#8211; Teil 2 Freiheit<\/a><\/h4>\n  <div>\n      <span>\n        \n        <strong>Source:<\/strong> \n        ZDF - Terra X\n      <\/span>\n      | \n      <span>\n      \t\n        <strong>Date:<\/strong> \n        20.03.2025\n      <\/span>\n       | \n      \t<span>\n        \t\n            <strong>Scientist:<\/strong> \n            John-Dylan Haynes\n        <\/span>\n      \n  <\/div>\n<\/div>\n\t\n\t\n\t\n\t\n<\/div>\n<\/div>\n<hr>\n<h2 id=\"audio\">Audio<\/h2>\n<div>\n\n\n<div id=\"wpv-view-layout-808-CTID268\" class=\"js-wpv-view-layout js-wpv-layout-responsive js-wpv-view-layout-808-CTID268\" data-viewnumber=\"808-CTID268\" data-pagination=\"{&quot;id&quot;:808,&quot;query&quot;:&quot;normal&quot;,&quot;type&quot;:&quot;disabled&quot;,&quot;effect&quot;:&quot;fade&quot;,&quot;duration&quot;:500,&quot;speed&quot;:5,&quot;pause_on_hover&quot;:&quot;disabled&quot;,&quot;stop_rollover&quot;:&quot;false&quot;,&quot;cache_pages&quot;:&quot;enabled&quot;,&quot;preload_images&quot;:&quot;enabled&quot;,&quot;preload_pages&quot;:&quot;enabled&quot;,&quot;preload_reach&quot;:1,&quot;spinner&quot;:&quot;builtin&quot;,&quot;spinner_image&quot;:&quot;https:\/\/bernstein-network.de\/wp-content\/plugins\/wp-views\/embedded\/res\/img\/ajax-loader.gif&quot;,&quot;callback_next&quot;:&quot;&quot;,&quot;manage_history&quot;:&quot;disabled&quot;,&quot;has_controls_in_form&quot;:&quot;disabled&quot;,&quot;infinite_tolerance&quot;:&quot;0&quot;,&quot;max_pages&quot;:0,&quot;page&quot;:1,&quot;base_permalink&quot;:&quot;\/en\/wp-json\/wp\/v2\/pages\/39070?wpv_view_count=808-CTID268&amp;wpv_paged=WPV_PAGE_NUM&quot;,&quot;loop&quot;:{&quot;type&quot;:&quot;&quot;,&quot;name&quot;:&quot;&quot;,&quot;data&quot;:&#091;&#093;,&quot;id&quot;:0}}\" data-permalink=\"\/en\/wp-json\/wp\/v2\/pages\/39070?wpv_view_count=808-CTID268\">\n\n\t\n\t\n\t\n\t\t<div class=\"medienecho-inner-wrapper\">\n  <h4><a href=\"https:\/\/oe1.orf.at\/programm\/20251208\/816333\/Kartenspielen-im-Dienst-der-Wissenschaft\" target='_blank' rel=\"noopener noreferrer\">Kartenspielen im Dienst der Wissenschaft<\/a><\/h4>\n  <div>\n      <span>\n        \n        <strong>Source:<\/strong> \n        ORF - Jet Lag All Stars\n      <\/span>\n      | \n      <span>\n      \t\n        <strong>Date:<\/strong> \n        08.12.2025\n      <\/span>\n       | \n      \t<span>\n        \t\n            <strong>Scientist:<\/strong> \n            Stefan Glasauer\n        <\/span>\n      \n  <\/div>\n<\/div>\n\t\n\t\t<div class=\"medienecho-inner-wrapper\">\n  <h4><a href=\"https:\/\/www.deutschlandfunkkultur.de\/hirnforscher-john-dylan-haynes-der-alb-traum-vom-gedankenlesen-100.html\" target='_blank' rel=\"noopener noreferrer\">John-Dylan Haynes und der (Alb-)Traum vom Gedankenlesen<\/a><\/h4>\n  <div>\n      <span>\n        \n        <strong>Source:<\/strong> \n        Im Gespr\u00e4ch - Deutschlandfunk Kultur\n      <\/span>\n      | \n      <span>\n      \t\n        <strong>Date:<\/strong> \n        08.07.2025\n      <\/span>\n       | \n      \t<span>\n        \t\n            <strong>Scientist:<\/strong> \n            John-Dylan Haynes\n        <\/span>\n      \n  <\/div>\n<\/div>\n\t\n\t\t<div class=\"medienecho-inner-wrapper\">\n  <h4><a href=\"https:\/\/oe1.orf.at\/programm\/20250506\/794222\/Gorillas-Prothesen\" target='_blank' rel=\"noopener noreferrer\">Gorillas, Prothesen<\/a><\/h4>\n  <div>\n      <span>\n        \n        <strong>Source:<\/strong> \n        ORF Wissen Aktuell\n      <\/span>\n      | \n      <span>\n      \t\n        <strong>Date:<\/strong> \n        06.05.2025\n      <\/span>\n       | \n      \t<span>\n        \t\n            <strong>Scientist:<\/strong> \n            Moritz Grosse-Wentrup\n        <\/span>\n      \n  <\/div>\n<\/div>\n\t\n\t\t<div class=\"medienecho-inner-wrapper\">\n  <h4><a href=\"https:\/\/www.bbc.com\/audio\/play\/w3ct72vs\" target='_blank' rel=\"noopener noreferrer\">Oh, Rats!<\/a><\/h4>\n  <div>\n      <span>\n        \n        <strong>Source:<\/strong> \n        BBC - Unexpected Elements\n      <\/span>\n      | \n      <span>\n      \t\n        <strong>Date:<\/strong> \n        04.04.2025\n      <\/span>\n       | \n      \t<span>\n        \t\n            <strong>Scientist:<\/strong> \n            Michael Brecht\n        <\/span>\n      \n  <\/div>\n<\/div>\n\t\n\t\t<div class=\"medienecho-inner-wrapper\">\n  <h4><a href=\"https:\/\/www.radioeins.de\/programm\/sendungen\/die_profis\/archivierte_sendungen\/beitraege\/unentdeckte-fehlerquelle-bei-ki-fuehrt-zu-dominoeffekt.html\" target='_blank' rel=\"noopener noreferrer\">Unentdeckte Fehlerquelle bei KI f\u00fchrt zu Dominoeffekt<\/a><\/h4>\n  <div>\n      <span>\n        \n        <strong>Source:<\/strong> \n        radio eins - rbb\n      <\/span>\n      | \n      <span>\n      \t\n        <strong>Date:<\/strong> \n        29.03.2025\n      <\/span>\n       | \n      \t<span>\n        \t\n            <strong>Scientist:<\/strong> \n            Klaus-Robert M\u00fcller\n        <\/span>\n      \n  <\/div>\n<\/div>\n\t\n\t\t<div class=\"medienecho-inner-wrapper\">\n  <h4><a href=\"https:\/\/www.radioeins.de\/programm\/sendungen\/die_profis\/archivierte_sendungen\/beitraege\/lernen-erfordert-einen-umbau-im-gehirn.html\" target='_blank' rel=\"noopener noreferrer\">Neuroprothetik: Lernen erfordert einen Umbau im Gehirn<\/a><\/h4>\n  <div>\n      <span>\n        \n        <strong>Source:<\/strong> \n        radio eins - rbb\n      <\/span>\n      | \n      <span>\n      \t\n        <strong>Date:<\/strong> \n        08.02.2025\n      <\/span>\n       | \n      \t<span>\n        \t\n            <strong>Scientist:<\/strong> \n            Alexander Gail\n        <\/span>\n      \n  <\/div>\n<\/div>\n\t\n\t\n\t\n\t\n<\/div>\n<\/div>\n<hr>\n\n<h2 id=\"newspaper-magazines-articles-online\">Newspaper\/Magazines\/Articles online<\/h2>\n<div>\n\n\n<div id=\"wpv-view-layout-812-CTID268\" class=\"js-wpv-view-layout js-wpv-layout-responsive js-wpv-view-layout-812-CTID268\" data-viewnumber=\"812-CTID268\" data-pagination=\"{&quot;id&quot;:812,&quot;query&quot;:&quot;normal&quot;,&quot;type&quot;:&quot;disabled&quot;,&quot;effect&quot;:&quot;fade&quot;,&quot;duration&quot;:500,&quot;speed&quot;:5,&quot;pause_on_hover&quot;:&quot;disabled&quot;,&quot;stop_rollover&quot;:&quot;false&quot;,&quot;cache_pages&quot;:&quot;enabled&quot;,&quot;preload_images&quot;:&quot;enabled&quot;,&quot;preload_pages&quot;:&quot;enabled&quot;,&quot;preload_reach&quot;:1,&quot;spinner&quot;:&quot;builtin&quot;,&quot;spinner_image&quot;:&quot;https:\/\/bernstein-network.de\/wp-content\/plugins\/wp-views\/embedded\/res\/img\/ajax-loader.gif&quot;,&quot;callback_next&quot;:&quot;&quot;,&quot;manage_history&quot;:&quot;disabled&quot;,&quot;has_controls_in_form&quot;:&quot;disabled&quot;,&quot;infinite_tolerance&quot;:&quot;0&quot;,&quot;max_pages&quot;:0,&quot;page&quot;:1,&quot;base_permalink&quot;:&quot;\/en\/wp-json\/wp\/v2\/pages\/39070?wpv_view_count=812-CTID268&amp;wpv_paged=WPV_PAGE_NUM&quot;,&quot;loop&quot;:{&quot;type&quot;:&quot;&quot;,&quot;name&quot;:&quot;&quot;,&quot;data&quot;:&#091;&#093;,&quot;id&quot;:0}}\" data-permalink=\"\/en\/wp-json\/wp\/v2\/pages\/39070?wpv_view_count=812-CTID268\">\n\n\t\n\t\n\t\n\t\t<div class=\"medienecho-inner-wrapper\">\n  <h4><a href=\"https:\/\/www.berliner-zeitung.de\/zukunft-technologie\/vorreiter-der-ki-berliner-forscher-erhaelt-leibniz-preis-li.10010308\" target='_blank' rel=\"noopener noreferrer\">Vorreiter der KI: Berliner Forscher erh\u00e4lt Leibniz-Preis<\/a><\/h4>\n  <div>\n      <span>\n        \n        <strong>Source:<\/strong> \n        Berliner Zeitung\n      <\/span>\n      | \n      <span>\n      \t\n        <strong>Date:<\/strong> \n        17.12.2025\n      <\/span>\n       | \n      \t<span>\n        \t\n            <strong>Scientist:<\/strong> \n            Klaus-Robert M\u00fcller\n        <\/span>\n      \n  <\/div>\n<\/div>\n\t\n\t\t<div class=\"medienecho-inner-wrapper\">\n  <h4><a href=\"https:\/\/www.volksstimme.ch\/gefahren-von-ki-und-datenverbreitung\" target='_blank' rel=\"noopener noreferrer\">Gefahren von KI und Datenverbreitung<\/a><\/h4>\n  <div>\n      <span>\n        \n        <strong>Source:<\/strong> \n        Volksstimme\n      <\/span>\n      | \n      <span>\n      \t\n        <strong>Date:<\/strong> \n        16.12.2025\n      <\/span>\n       | \n      \t<span>\n        \t\n            <strong>Scientist:<\/strong> \n            John-Dylan Haynes\n        <\/span>\n      \n  <\/div>\n<\/div>\n\t\n\t\t<div class=\"medienecho-inner-wrapper\">\n  <h4><a href=\"https:\/\/www.aerzteblatt.de\/news\/neue-sensortechnik-ermoglicht-prazise-messungen-im-bewegten-gehirn-3187e56b-21d6-4a83-a9f5-c6f111fc98c8\" target='_blank' rel=\"noopener noreferrer\">Neue Sensortechnik erm\u00f6glicht pr\u00e4zise Messungen im bewegten Gehirn<\/a><\/h4>\n  <div>\n      <span>\n        \n        <strong>Source:<\/strong> \n        Deutsches \u00c4rzteblatt\n      <\/span>\n      | \n      <span>\n      \t\n        <strong>Date:<\/strong> \n        12.12.2025\n      <\/span>\n       | \n      \t<span>\n        \t\n            <strong>Scientist:<\/strong> \n            Dominik Bach\n        <\/span>\n      \n  <\/div>\n<\/div>\n\t\n\t\t<div class=\"medienecho-inner-wrapper\">\n  <h4><a href=\"https:\/\/www.taunus-nachrichten.de\/oberursel\/nachrichten\/oberursel\/erster-oberurseler-scienceslam-vereins-kunstgriff-id216522.html\" target='_blank' rel=\"noopener noreferrer\">Erster Oberurseler ScienceSlam des Vereins \u201eKunstgriff\u201c<\/a><\/h4>\n  <div>\n      <span>\n        \n        <strong>Source:<\/strong> \n        Taunus Nachrichten\n      <\/span>\n      | \n      <span>\n      \t\n        <strong>Date:<\/strong> \n        11.12.2025\n      <\/span>\n       | \n      \t<span>\n        \t\n            <strong>Scientist:<\/strong> \n            Jonas Elpelt, Sigrid Tr\u00e4genap\n        <\/span>\n      \n  <\/div>\n<\/div>\n\t\n\t\t<div class=\"medienecho-inner-wrapper\">\n  <h4><a href=\"https:\/\/www.zeit.de\/news\/2025-12\/11\/berliner-universitaeten-raeumen-zwei-leibniz-preise-ab\" target='_blank' rel=\"noopener noreferrer\">Berliner Universit\u00e4ten r\u00e4umen zwei Leibniz-Preise ab<\/a><\/h4>\n  <div>\n      <span>\n        \n        <strong>Source:<\/strong> \n        Die Zeit\n      <\/span>\n      | \n      <span>\n      \t\n        <strong>Date:<\/strong> \n        11.12.2025\n      <\/span>\n       | \n      \t<span>\n        \t\n            <strong>Scientist:<\/strong> \n            Klaus-Robert M\u00fcller\n        <\/span>\n      \n  <\/div>\n<\/div>\n\t\n\t\t<div class=\"medienecho-inner-wrapper\">\n  <h4><a href=\"https:\/\/www.tagesspiegel.de\/wissen\/wichtigste-auszeichnung-der-wissenschaft-informatiker-und-philosophin-aus-berlin-bekommen-leibniz-preise-15041530.html\" target='_blank' rel=\"noopener noreferrer\">Wichtigste Auszeichnung der Wissenschaft: Informatiker und Philosophin aus Berlin bekommen Leibniz-Preise<\/a><\/h4>\n  <div>\n      <span>\n        \n        <strong>Source:<\/strong> \n        Der Tagesspiegel\n      <\/span>\n      | \n      <span>\n      \t\n        <strong>Date:<\/strong> \n        11.12.2025\n      <\/span>\n       | \n      \t<span>\n        \t\n            <strong>Scientist:<\/strong> \n            Klaus-Robert M\u00fcller\n        <\/span>\n      \n  <\/div>\n<\/div>\n\t\n\t\t<div class=\"medienecho-inner-wrapper\">\n  <h4><a href=\"https:\/\/www.tk.de\/presse\/themen\/praevention\/medienkompetenz\/kuenstliche-intelligenz-bjkm-2207612?tkcm=ab\" target='_blank' rel=\"noopener noreferrer\">K\u00fcnst\u00adliche Intel\u00adli\u00adgenz im Alltag Jugend\u00adli\u00adcher<\/a><\/h4>\n  <div>\n      <span>\n        \n        <strong>Source:<\/strong> \n        Die Techniker\n      <\/span>\n      | \n      <span>\n      \t\n        <strong>Date:<\/strong> \n        24.11.2025\n      <\/span>\n       | \n      \t<span>\n        \t\n            <strong>Scientist:<\/strong> \n            Jens-Bastian Eppler\n        <\/span>\n      \n  <\/div>\n<\/div>\n\t\n\t\t<div class=\"medienecho-inner-wrapper\">\n  <h4><a href=\"https:\/\/www.faz.net\/aktuell\/karriere-hochschule\/hoersaal\/neue-uebersichtlichkeit-ki-reviews-buendeln-das-wissenschaftliche-wissen-110774219.html\" target='_blank' rel=\"noopener noreferrer\">Die neue \u00dcbersichtlichkeit<\/a><\/h4>\n  <div>\n      <span>\n        \n        <strong>Source:<\/strong> \n        Frankfurter Allgemeine Zeitung\n      <\/span>\n      | \n      <span>\n      \t\n        <strong>Date:<\/strong> \n        21.11.2025\n      <\/span>\n       | \n      \t<span>\n        \t\n            <strong>Scientist:<\/strong> \n            Tristan St\u00f6ber\n        <\/span>\n      \n  <\/div>\n<\/div>\n\t\n\t\t<div class=\"medienecho-inner-wrapper\">\n  <h4><a href=\"https:\/\/web.de\/magazine\/wissen\/wissenschaft-technik\/gehirne-menschen-hobbys-altern-langsamer-41609904\" target='_blank' rel=\"noopener noreferrer\">Gehirne von Menschen mit diesen Hobbys altern langsamer<\/a><\/h4>\n  <div>\n      <span>\n        \n        <strong>Source:<\/strong> \n        WEB.de\n      <\/span>\n      | \n      <span>\n      \t\n        <strong>Date:<\/strong> \n        20.11.2025\n      <\/span>\n       | \n      \t<span>\n        \t\n            <strong>Scientist:<\/strong> \n            Lucia Melloni\n        <\/span>\n      \n  <\/div>\n<\/div>\n\t\n\t\t<div class=\"medienecho-inner-wrapper\">\n  <h4><a href=\"https:\/\/healthcare-in-europe.com\/de\/news\/ki-lungenkrebs-diagnostik.html\" target='_blank' rel=\"noopener noreferrer\">KI verbessert Lungenkrebs-Diagnostik<\/a><\/h4>\n  <div>\n      <span>\n        \n        <strong>Source:<\/strong> \n        Healthcare in Europe\n      <\/span>\n      | \n      <span>\n      \t\n        <strong>Date:<\/strong> \n        17.11.2025\n      <\/span>\n       | \n      \t<span>\n        \t\n            <strong>Scientist:<\/strong> \n            Klaus-Robert M\u00fcller\n        <\/span>\n      \n  <\/div>\n<\/div>\n\t\n\t\t<div class=\"medienecho-inner-wrapper\">\n  <h4><a href=\"https:\/\/www.swp.de\/lokales\/tuebingen\/neubau-cyber-valley-i-in-tuebingen-uebergeben-ein-highway-zu-spitzenforschung-und-wohlstand-78440163.html\" target='_blank' rel=\"noopener noreferrer\">Ein \u201eHighway zu Spitzenforschung und Wohlstand\u201c<\/a><\/h4>\n  <div>\n      <span>\n        \n        <strong>Source:<\/strong> \n        S\u00fcdwest Presse\n      <\/span>\n      | \n      <span>\n      \t\n        <strong>Date:<\/strong> \n        14.11.2025\n      <\/span>\n       | \n      \t<span>\n        \t\n            <strong>Scientist:<\/strong> \n            Matthias Bethge\n        <\/span>\n      \n  <\/div>\n<\/div>\n\t\n\t\t<div class=\"medienecho-inner-wrapper\">\n  <h4><a href=\"https:\/\/www.faz.net\/aktuell\/wissen\/das-navi-im-kopf-unser-inneres-gps-funktioniert-anders-als-gedacht-accg-110740094.html\" target='_blank' rel=\"noopener noreferrer\">Der Knotenpunkt auf der Datenautobahn unseres Gehirns<\/a><\/h4>\n  <div>\n      <span>\n        \n        <strong>Source:<\/strong> \n        Frankfurter Allgemeine Zeitung\n      <\/span>\n      | \n      <span>\n      \t\n        <strong>Date:<\/strong> \n        27.10.2025\n      <\/span>\n       | \n      \t<span>\n        \t\n            <strong>Scientist:<\/strong> \n            Bernstein Konferenz\n        <\/span>\n      \n  <\/div>\n<\/div>\n\t\n\t\t<div class=\"medienecho-inner-wrapper\">\n  <h4><a href=\"https:\/\/www.focusplus.de\/wissen\/maschine-in-michis-gehirn-neue-glaube-wieder-aufzustehen-6499\" target='_blank' rel=\"noopener noreferrer\">Die Maschine in Michis Gehirn \u2013 und der neue Glaube, wieder aufzustehen<\/a><\/h4>\n  <div>\n      <span>\n        \n        <strong>Source:<\/strong> \n        FOCUS\n      <\/span>\n      | \n      <span>\n      \t\n        <strong>Date:<\/strong> \n        26.10.2025\n      <\/span>\n       | \n      \t<span>\n        \t\n            <strong>Scientist:<\/strong> \n            Simon Jacob\n        <\/span>\n      \n  <\/div>\n<\/div>\n\t\n\t\t<div class=\"medienecho-inner-wrapper\">\n  <h4><a href=\"https:\/\/www.morgenpost.de\/ratgeber-wissen\/article410268327\/dank-hirnimplantat-gelaehmter-koennte-roboter-per-gedanken-bedienen.html\" target='_blank' rel=\"noopener noreferrer\">Dank Hirnimplantat: Gel\u00e4hmter k\u00f6nnte Roboter per Gedanken bedienen<\/a><\/h4>\n  <div>\n      <span>\n        \n        <strong>Source:<\/strong> \n        Berliner Morgenpost\n      <\/span>\n      | \n      <span>\n      \t\n        <strong>Date:<\/strong> \n        26.10.2025\n      <\/span>\n       | \n      \t<span>\n        \t\n            <strong>Scientist:<\/strong> \n            Simon Jacob\n        <\/span>\n      \n  <\/div>\n<\/div>\n\t\n\t\t<div class=\"medienecho-inner-wrapper\">\n  <h4><a href=\"https:\/\/healthcare-in-europe.com\/de\/news\/prothesen-steuern-hirnforschung.html\" target='_blank' rel=\"noopener noreferrer\">Prothesen effektiver steuern: Neue Erkenntnisse aus der Hirnforschung<\/a><\/h4>\n  <div>\n      <span>\n        \n        <strong>Source:<\/strong> \n        Healthcare in Europe\n      <\/span>\n      | \n      <span>\n      \t\n        <strong>Date:<\/strong> \n        21.10.2025\n      <\/span>\n       | \n      \t<span>\n        \t\n            <strong>Scientist:<\/strong> \n            Alexander Gail\n        <\/span>\n      \n  <\/div>\n<\/div>\n\t\n\t\t<div class=\"medienecho-inner-wrapper\">\n  <h4><a href=\"https:\/\/www.chip.de\/news\/kuenstliche-intelligenz\/deutsche-ki-imitiert-das-gehirn-dabei-verbraucht-sie-nur-80-prozent-weniger-energie_bfe13881-a14b-447a-ae15-414ca9bb87ef.html\" target='_blank' rel=\"noopener noreferrer\">Deutsche KI imitiert das Gehirn: Dabei verbraucht Sie nur 80 Prozent weniger Energie<\/a><\/h4>\n  <div>\n      <span>\n        \n        <strong>Source:<\/strong> \n        CHIP\n      <\/span>\n      | \n      <span>\n      \t\n        <strong>Date:<\/strong> \n        20.10.2025\n      <\/span>\n       | \n      \t<span>\n        \t\n            <strong>Scientist:<\/strong> \n            Jochen Triesch\n        <\/span>\n      \n  <\/div>\n<\/div>\n\t\n\t\t<div class=\"medienecho-inner-wrapper\">\n  <h4><a href=\"https:\/\/www.n-tv.de\/wissen\/Muenchner-Klinik-implantiert-erstmals-in-Europa-einem-Gelaehmten-Hirn-Computer-Schnittstelle-article26101502.html\" target='_blank' rel=\"noopener noreferrer\">Gehirn eines Gel\u00e4hmten mit Computer verkn\u00fcpft<\/a><\/h4>\n  <div>\n      <span>\n        \n        <strong>Source:<\/strong> \n        ntv\n      <\/span>\n      | \n      <span>\n      \t\n        <strong>Date:<\/strong> \n        17.10.2025\n      <\/span>\n       | \n      \t<span>\n        \t\n            <strong>Scientist:<\/strong> \n            Simon Jacob\n        <\/span>\n      \n  <\/div>\n<\/div>\n\t\n\t\t<div class=\"medienecho-inner-wrapper\">\n  <h4><a href=\"https:\/\/www.zeit.de\/news\/2025-09\/23\/wie-kuenstliche-intelligenz-wissen-schafft\" target='_blank' rel=\"noopener noreferrer\">Wie K\u00fcnstliche Intelligenz Wissen schafft<\/a><\/h4>\n  <div>\n      <span>\n        \n        <strong>Source:<\/strong> \n        Die Zeit\n      <\/span>\n      | \n      <span>\n      \t\n        <strong>Date:<\/strong> \n        23.09.2025\n      <\/span>\n       | \n      \t<span>\n        \t\n            <strong>Scientist:<\/strong> \n            Klaus-Robert M\u00fcller\n        <\/span>\n      \n  <\/div>\n<\/div>\n\t\n\t\t<div class=\"medienecho-inner-wrapper\">\n  <h4><a href=\"https:\/\/www.welt.de\/wissenschaft\/plus68c182ade94fcb47b9cd3d10\/KI-in-der-Medizin-Wenn-Aerzte-sich-zu-sehr-auf-KI-verlassen-verlernen-sie-selbst-zu-entscheiden.html\" target='_blank' rel=\"noopener noreferrer\">&#8220;Wer sich an die Empfehlung der KI h\u00e4lt, ist weniger angreifbar&#8221;<\/a><\/h4>\n  <div>\n      <span>\n        \n        <strong>Source:<\/strong> \n        Welt.de\n      <\/span>\n      | \n      <span>\n      \t\n        <strong>Date:<\/strong> \n        18.09.2025\n      <\/span>\n       | \n      \t<span>\n        \t\n            <strong>Scientist:<\/strong> \n            Susanne Schreiber\n        <\/span>\n      \n  <\/div>\n<\/div>\n\t\n\t\t<div class=\"medienecho-inner-wrapper\">\n  <h4><a href=\"https:\/\/bernstein-network.de\/wp-content\/uploads\/2025\/09\/250917_Roehrbein.pdf\" target='_blank' rel=\"noopener noreferrer\">Pax oder Liebe?<\/a><\/h4>\n  <div>\n      <span>\n        \n        <strong>Source:<\/strong> \n        Frankfurter Allgemeine Zeitung\n      <\/span>\n      | \n      <span>\n      \t\n        <strong>Date:<\/strong> \n        17.09.2025\n      <\/span>\n       | \n      \t<span>\n        \t\n            <strong>Scientist:<\/strong> \n            Florian R\u00f6hrbein\n        <\/span>\n      \n  <\/div>\n<\/div>\n\t\n\t\t<div class=\"medienecho-inner-wrapper\">\n  <h4><a href=\"https:\/\/www.aerzteblatt.de\/news\/99-von-478-starting-grants-des-europaische-forschungsrates-gehen-nach-deutschland-3190b0ef-66a0-4114-aeb1-9d59be246279\" target='_blank' rel=\"noopener noreferrer\">99 von 478 Starting Grants des Europ\u00e4ische Forschungsrates gehen nach Deutschland<\/a><\/h4>\n  <div>\n      <span>\n        \n        <strong>Source:<\/strong> \n        Deutsches \u00c4rzteblatt\n      <\/span>\n      | \n      <span>\n      \t\n        <strong>Date:<\/strong> \n        09.09.2025\n      <\/span>\n       | \n      \t<span>\n        \t\n            <strong>Scientist:<\/strong> \n            Oliver Barnstedt\n        <\/span>\n      \n  <\/div>\n<\/div>\n\t\n\t\t<div class=\"medienecho-inner-wrapper\">\n  <h4><a href=\"https:\/\/www.stadtradio-goettingen.de\/redaktion\/nachrichten\/dreifach_erfolg_goettingen_campus_erhaelt_drei_erc_starting_grants\/\" target='_blank' rel=\"noopener noreferrer\">Dreifach-Erfolg: G\u00f6ttingen Campus erh\u00e4lt drei ERC Starting Grants<\/a><\/h4>\n  <div>\n      <span>\n        \n        <strong>Source:<\/strong> \n        StadtRadio G\u00f6ttingen\n      <\/span>\n      | \n      <span>\n      \t\n        <strong>Date:<\/strong> \n        04.09.2025\n      <\/span>\n       | \n      \t<span>\n        \t\n            <strong>Scientist:<\/strong> \n            Oliver Barnstedt\n        <\/span>\n      \n  <\/div>\n<\/div>\n\t\n\t\t<div class=\"medienecho-inner-wrapper\">\n  <h4><a href=\"https:\/\/www.aerzteblatt.de\/archiv\/titel\/dae\/2025\/17\/kuenstliche-intelligenz-cyberangriff-risiko-minimieren-15e58c29-21bb-4487-b8da-5b1c4e6c8ddc\" target='_blank' rel=\"noopener noreferrer\">K\u00fcnstliche Intelligenz: Cyberangriff-Risiko minimieren<\/a><\/h4>\n  <div>\n      <span>\n        \n        <strong>Source:<\/strong> \n        Deutsches \u00c4rzteblatt\n      <\/span>\n      | \n      <span>\n      \t\n        <strong>Date:<\/strong> \n        22.08.2025\n      <\/span>\n       | \n      \t<span>\n        \t\n            <strong>Scientist:<\/strong> \n            Bj\u00f6rn Kr\u00fcger\n        <\/span>\n      \n  <\/div>\n<\/div>\n\t\n\t\t<div class=\"medienecho-inner-wrapper\">\n  <h4><a href=\"https:\/\/www.deutschlandfunk.de\/kuenstliche-intelligenz-medizin-100.html\" target='_blank' rel=\"noopener noreferrer\">K\u00fcnstliche Intelligenz am Krankenbett<\/a><\/h4>\n  <div>\n      <span>\n        \n        <strong>Source:<\/strong> \n        Deutschlandfunk\n      <\/span>\n      | \n      <span>\n      \t\n        <strong>Date:<\/strong> \n        11.08.2025\n      <\/span>\n       | \n      \t<span>\n        \t\n            <strong>Scientist:<\/strong> \n            Susanne Schreiber\n        <\/span>\n      \n  <\/div>\n<\/div>\n\t\n\t\t<div class=\"medienecho-inner-wrapper\">\n  <h4><a href=\"https:\/\/www.earth.com\/video\/scientists-solve-the-mystery-of-tickling\/\" target='_blank' rel=\"noopener noreferrer\">Scientists solve the mystery of tickling<\/a><\/h4>\n  <div>\n      <span>\n        \n        <strong>Source:<\/strong> \n        Earth.com\n      <\/span>\n      | \n      <span>\n      \t\n        <strong>Date:<\/strong> \n        01.08.2025\n      <\/span>\n       | \n      \t<span>\n        \t\n            <strong>Scientist:<\/strong> \n            Michael Brecht\n        <\/span>\n      \n  <\/div>\n<\/div>\n\t\n\t\t<div class=\"medienecho-inner-wrapper\">\n  <h4><a href=\"https:\/\/aktuelles.uni-frankfurt.de\/gesellschaft\/schubladendenken-ist-wichtig-beim-spracherwerb\/\" target='_blank' rel=\"noopener noreferrer\">Schubladendenken ist wichtig beim Spracherwerb<\/a><\/h4>\n  <div>\n      <span>\n        \n        <strong>Source:<\/strong> \n        Forschung Frankfurt\n      <\/span>\n      | \n      <span>\n      \t\n        <strong>Date:<\/strong> \n        28.07.2025\n      <\/span>\n       | \n      \t<span>\n        \t\n            <strong>Scientist:<\/strong> \n            Jochen Triesch\n        <\/span>\n      \n  <\/div>\n<\/div>\n\t\n\t\t<div class=\"medienecho-inner-wrapper\">\n  <h4><a href=\"https:\/\/www.aerzteblatt.de\/news\/nur-wenige-ki-fahige-medizinprodukte-umfangreich-validiert-dca79d6d-fcba-440b-877a-d906f0935dc8\" target='_blank' rel=\"noopener noreferrer\">Nur wenige KI-f\u00e4hige Medizinprodukte umfangreich validiert<\/a><\/h4>\n  <div>\n      <span>\n        \n        <strong>Source:<\/strong> \n        Deutsches \u00c4rzteblatt\n      <\/span>\n      | \n      <span>\n      \t\n        <strong>Date:<\/strong> \n        23.07.2025\n      <\/span>\n       | \n      \t<span>\n        \t\n            <strong>Scientist:<\/strong> \n            Philipp Berens\n        <\/span>\n      \n  <\/div>\n<\/div>\n\t\n\t\t<div class=\"medienecho-inner-wrapper\">\n  <h4><a href=\"https:\/\/www.chip.de\/news\/Durchbruch-in-Fruehdiagnose-Dieses-Symptom-kann-Parkinson-30-Jahre-frueher-ankuendigen_186115640.html\" target='_blank' rel=\"noopener noreferrer\">Durchbruch in Fr\u00fchdiagnose: Dieses Symptom kann Parkinson 30 Jahre fr\u00fcher ank\u00fcndigen<\/a><\/h4>\n  <div>\n      <span>\n        \n        <strong>Source:<\/strong> \n        CHIP\n      <\/span>\n      | \n      <span>\n      \t\n        <strong>Date:<\/strong> \n        15.07.2025\n      <\/span>\n       | \n      \t<span>\n        \t\n            <strong>Scientist:<\/strong> \n            Michael Sommerauer\n        <\/span>\n      \n  <\/div>\n<\/div>\n\t\n\t\t<div class=\"medienecho-inner-wrapper\">\n  <h4><a href=\"https:\/\/www.fitforfun.de\/gesundheit\/schlafgewohnheiten-als-fruehindikator-was-deine-traeume-ueber-parkinson-verraten-757466.html\" target='_blank' rel=\"noopener noreferrer\">Fr\u00fchwarnung Parkinson: Was deine Tr\u00e4ume verraten k\u00f6nnen<\/a><\/h4>\n  <div>\n      <span>\n        \n        <strong>Source:<\/strong> \n        Fit For Fun\n      <\/span>\n      | \n      <span>\n      \t\n        <strong>Date:<\/strong> \n        04.07.2025\n      <\/span>\n       | \n      \t<span>\n        \t\n            <strong>Scientist:<\/strong> \n            Michael Sommerauer\n        <\/span>\n      \n  <\/div>\n<\/div>\n\t\n\t\t<div class=\"medienecho-inner-wrapper\">\n  <h4><a href=\"https:\/\/www.bild.de\/leben-wissen\/wissenschaft\/hamburg-forschende-finden-aha-momente-im-n2-schlaf-68637a32c87afa47f244ae4e?t_ref=https%3A%2F%2Fwww.google.com%2F\" target='_blank' rel=\"noopener noreferrer\">Powernaps machen uns schlauer<\/a><\/h4>\n  <div>\n      <span>\n        \n        <strong>Source:<\/strong> \n        BILD.de\n      <\/span>\n      | \n      <span>\n      \t\n        <strong>Date:<\/strong> \n        03.07.2025\n      <\/span>\n       | \n      \t<span>\n        \t\n            <strong>Scientist:<\/strong> \n            Nicolas Schuck\n        <\/span>\n      \n  <\/div>\n<\/div>\n\t\n\t\t<div class=\"medienecho-inner-wrapper\">\n  <h4><a href=\"https:\/\/www.welt.de\/gesundheit\/article256338826\/Parkinson-Schlaf-und-Traeume-deuten-30-Jahre-im-Voraus-auf-Krankheit-hin.html\" target='_blank' rel=\"noopener noreferrer\">Dieses Symptom deutet Jahrzehnte im Voraus auf Parkinson hin<\/a><\/h4>\n  <div>\n      <span>\n        \n        <strong>Source:<\/strong> \n        Welt.de\n      <\/span>\n      | \n      <span>\n      \t\n        <strong>Date:<\/strong> \n        02.07.2025\n      <\/span>\n       | \n      \t<span>\n        \t\n            <strong>Scientist:<\/strong> \n            Michael Sommerauer\n        <\/span>\n      \n  <\/div>\n<\/div>\n\t\n\t\t<div class=\"medienecho-inner-wrapper\">\n  <h4><a href=\"https:\/\/www.spektrum.de\/news\/geistesblitz-im-schlaf-kurzes-nickerchen-beguenstigt-aha-erlebnis\/2273540\" target='_blank' rel=\"noopener noreferrer\">Nickerchen beg\u00fcnstigen Aha-Erlebnisse<\/a><\/h4>\n  <div>\n      <span>\n        \n        <strong>Source:<\/strong> \n        Spektrum der Wissenschaft\n      <\/span>\n      | \n      <span>\n      \t\n        <strong>Date:<\/strong> \n        26.06.2025\n      <\/span>\n       | \n      \t<span>\n        \t\n            <strong>Scientist:<\/strong> \n            Nicolas Schuck\n        <\/span>\n      \n  <\/div>\n<\/div>\n\t\n\t\t<div class=\"medienecho-inner-wrapper\">\n  <h4><a href=\"https:\/\/www.aerztezeitung.de\/Kongresse\/Ist-machbar-zumutbar-KI-zwingt-auch-Aerzte-zur-Reflexion--459116.html\" target='_blank' rel=\"noopener noreferrer\">Ist machbar zumutbar? KI zwingt auch \u00c4rzte zur Reflexion<\/a><\/h4>\n  <div>\n      <span>\n        \n        <strong>Source:<\/strong> \n        \u00c4rzte Zeitung\n      <\/span>\n      | \n      <span>\n      \t\n        <strong>Date:<\/strong> \n        25.06.2025\n      <\/span>\n       | \n      \t<span>\n        \t\n            <strong>Scientist:<\/strong> \n            Susanne Schreiber\n        <\/span>\n      \n  <\/div>\n<\/div>\n\t\n\t\t<div class=\"medienecho-inner-wrapper\">\n  <h4><a href=\"https:\/\/www.psychologytoday.com\/us\/blog\/the-future-brain\/202506\/what-game-theory-reveals-about-ai\" target='_blank' rel=\"noopener noreferrer\">What game theory reveals about AI<\/a><\/h4>\n  <div>\n      <span>\n        \n        <strong>Source:<\/strong> \n        Psychology Today\n      <\/span>\n      | \n      <span>\n      \t\n        <strong>Date:<\/strong> \n        08.06.2025\n      <\/span>\n       | \n      \t<span>\n        \t\n            <strong>Scientist:<\/strong> \n            Matthias Bethge\n        <\/span>\n      \n  <\/div>\n<\/div>\n\t\n\t\t<div class=\"medienecho-inner-wrapper\">\n  <h4><a href=\"https:\/\/main-riedberg.de\/nachbarschaftshilfe-im-gehirn\/\" target='_blank' rel=\"noopener noreferrer\">Nachbarschaftshilfe im Gehirn<\/a><\/h4>\n  <div>\n      <span>\n        \n        <strong>Source:<\/strong> \n        Main Riedberg\n      <\/span>\n      | \n      <span>\n      \t\n        <strong>Date:<\/strong> \n        07.06.2025\n      <\/span>\n       | \n      \t<span>\n        \t\n            <strong>Scientist:<\/strong> \n            Matthias Kaschube\n        <\/span>\n      \n  <\/div>\n<\/div>\n\t\n\t\t<div class=\"medienecho-inner-wrapper\">\n  <h4><a href=\"https:\/\/www.forschung-und-lehre.de\/forschung\/ki-inspiriert-das-naechste-experiment-7100\" target='_blank' rel=\"noopener noreferrer\">KI inspiriert das n\u00e4chste Experiment<\/a><\/h4>\n  <div>\n      <span>\n        \n        <strong>Source:<\/strong> \n        Forschung & Lehre\n      <\/span>\n      | \n      <span>\n      \t\n        <strong>Date:<\/strong> \n        30.05.2025\n      <\/span>\n       | \n      \t<span>\n        \t\n            <strong>Scientist:<\/strong> \n            Steffen Schneider\n        <\/span>\n      \n  <\/div>\n<\/div>\n\t\n\t\t<div class=\"medienecho-inner-wrapper\">\n  <h4><a href=\"https:\/\/www.handelsblatt.com\/technik\/ki\/kuenstliche-intelligenz-baden-wuerttemberg-auf-dem-weg-zum-ai-laend\/100130062.html\" target='_blank' rel=\"noopener noreferrer\">Baden-W\u00fcrttemberg \u2013 auf dem Weg zum \u201eAI L\u00e4nd\u201c<\/a><\/h4>\n  <div>\n      <span>\n        \n        <strong>Source:<\/strong> \n        Handelsblatt\n      <\/span>\n      | \n      <span>\n      \t\n        <strong>Date:<\/strong> \n        22.05.2025\n      <\/span>\n       | \n      \t<span>\n        \t\n            <strong>Scientist:<\/strong> \n            Matthias Bethge\n        <\/span>\n      \n  <\/div>\n<\/div>\n\t\n\t\t<div class=\"medienecho-inner-wrapper\">\n  <h4><a href=\"https:\/\/www.earth.com\/news\/elephant-brains-reveal-big-differences-among-species\/\" target='_blank' rel=\"noopener noreferrer\">Elephant brains reveal big differences among species<\/a><\/h4>\n  <div>\n      <span>\n        \n        <strong>Source:<\/strong> \n        Earth.com\n      <\/span>\n      | \n      <span>\n      \t\n        <strong>Date:<\/strong> \n        21.05.2025\n      <\/span>\n       | \n      \t<span>\n        \t\n            <strong>Scientist:<\/strong> \n            Michael Brecht\n        <\/span>\n      \n  <\/div>\n<\/div>\n\t\n\t\t<div class=\"medienecho-inner-wrapper\">\n  <h4><a href=\"https:\/\/www.sciencealert.com\/the-speed-of-your-eyes-could-hide-objects-in-plain-sight\" target='_blank' rel=\"noopener noreferrer\">The speed of your eyes could hide objects in plain sight<\/a><\/h4>\n  <div>\n      <span>\n        \n        <strong>Source:<\/strong> \n        ScienceAlert\n      <\/span>\n      | \n      <span>\n      \t\n        <strong>Date:<\/strong> \n        21.05.2025\n      <\/span>\n       | \n      \t<span>\n        \t\n            <strong>Scientist:<\/strong> \n            Martin Rolfs\n        <\/span>\n      \n  <\/div>\n<\/div>\n\t\n\t\t<div class=\"medienecho-inner-wrapper\">\n  <h4><a href=\"https:\/\/www.science-et-vie.com\/corps-et-sante\/pourquoi-certains-objets-deviennent-invisibles-quand-ils-vont-trop-vite-199546.html\" target='_blank' rel=\"noopener noreferrer\">Porquoi certains objets deviennent invisibles quand ils vont trop vite ?<\/a><\/h4>\n  <div>\n      <span>\n        \n        <strong>Source:<\/strong> \n        Science & Vie\n      <\/span>\n      | \n      <span>\n      \t\n        <strong>Date:<\/strong> \n        17.05.2025\n      <\/span>\n       | \n      \t<span>\n        \t\n            <strong>Scientist:<\/strong> \n            Martin Rolfs\n        <\/span>\n      \n  <\/div>\n<\/div>\n\t\n\t\t<div class=\"medienecho-inner-wrapper\">\n  <h4><a href=\"https:\/\/www.nationalgeographic.pt\/ciencia\/sera-possivel-perder-peso-pensando-xadrez_6060\" target='_blank' rel=\"noopener noreferrer\">Ser\u00e1 poss\u00edvel perder peso pensando? Dois neurocientistas divergem na resposta.<\/a><\/h4>\n  <div>\n      <span>\n        \n        <strong>Source:<\/strong> \n        National Geographic Portugal\n      <\/span>\n      | \n      <span>\n      \t\n        <strong>Date:<\/strong> \n        16.05.2025\n      <\/span>\n       | \n      \t<span>\n        \t\n            <strong>Scientist:<\/strong> \n            Petra Ritter\n        <\/span>\n      \n  <\/div>\n<\/div>\n\t\n\t\t<div class=\"medienecho-inner-wrapper\">\n  <h4><a href=\"https:\/\/www.vice.com\/en\/article\/you-have-a-visual-speed-limit-linked-to-your-eye-movements\/\" target='_blank' rel=\"noopener noreferrer\">You have a visual speed limit linked to your eye movements<\/a><\/h4>\n  <div>\n      <span>\n        \n        <strong>Source:<\/strong> \n        VICE\n      <\/span>\n      | \n      <span>\n      \t\n        <strong>Date:<\/strong> \n        13.05.2025\n      <\/span>\n       | \n      \t<span>\n        \t\n            <strong>Scientist:<\/strong> \n            Martin Rolfs\n        <\/span>\n      \n  <\/div>\n<\/div>\n\t\n\t\t<div class=\"medienecho-inner-wrapper\">\n  <h4><a href=\"https:\/\/www.ctvnews.ca\/sci-tech\/article\/your-eye-movements-set-the-speed-limit-for-what-you-can-see-study-says\/\" target='_blank' rel=\"noopener noreferrer\">Can&#8217;t keep up? Your eyes may be to blame, new study finds<\/a><\/h4>\n  <div>\n      <span>\n        \n        <strong>Source:<\/strong> \n        CTV News\n      <\/span>\n      | \n      <span>\n      \t\n        <strong>Date:<\/strong> \n        12.05.2025\n      <\/span>\n       | \n      \t<span>\n        \t\n            <strong>Scientist:<\/strong> \n            Martin Rolfs\n        <\/span>\n      \n  <\/div>\n<\/div>\n\t\n\t\t<div class=\"medienecho-inner-wrapper\">\n  <h4><a href=\"https:\/\/science.orf.at\/stories\/3230099\/\" target='_blank' rel=\"noopener noreferrer\">KI macht Neuroschnittstellen alltagstauglicher<\/a><\/h4>\n  <div>\n      <span>\n        \n        <strong>Source:<\/strong> \n        \u00d6sterreichischer Rundfunk\n      <\/span>\n      | \n      <span>\n      \t\n        <strong>Date:<\/strong> \n        06.05.2025\n      <\/span>\n       | \n      \t<span>\n        \t\n            <strong>Scientist:<\/strong> \n            Moritz Grosse-Wentrup\n        <\/span>\n      \n  <\/div>\n<\/div>\n\t\n\t\t<div class=\"medienecho-inner-wrapper\">\n  <h4><a href=\"https:\/\/www.eleconomista.es\/branded-content\/noticias\/13321432\/04\/25\/undefinebeauty-una-campana-global-que-reta-los-estandares-tradicionales-de-belleza.html\" target='_blank' rel=\"noopener noreferrer\">#UndefineBeauty: una campa\u00f1a global que reta los est\u00e1ndares tradicionales de belleza<\/a><\/h4>\n  <div>\n      <span>\n        \n        <strong>Source:<\/strong> \n        El Economista\n      <\/span>\n      | \n      <span>\n      \t\n        <strong>Date:<\/strong> \n        21.04.2025\n      <\/span>\n       | \n      \t<span>\n        \t\n            <strong>Scientist:<\/strong> \n            John-Dylan Haynes\n        <\/span>\n      \n  <\/div>\n<\/div>\n\t\n\t\t<div class=\"medienecho-inner-wrapper\">\n  <h4><a href=\"https:\/\/www.welt.de\/gesundheit\/article255835346\/Schlaganfall-Wie-ein-KI-Chip-die-Sprache-zurueckbringt.html\" target='_blank' rel=\"noopener noreferrer\">Gedankenlesen \u2013 das gelingt jetzt dank KI<\/a><\/h4>\n  <div>\n      <span>\n        \n        <strong>Source:<\/strong> \n        Welt.de\n      <\/span>\n      | \n      <span>\n      \t\n        <strong>Date:<\/strong> \n        09.04.2025\n      <\/span>\n       | \n      \t<span>\n        \t\n            <strong>Scientist:<\/strong> \n            Simon Jacob\n        <\/span>\n      \n  <\/div>\n<\/div>\n\t\n\t\t<div class=\"medienecho-inner-wrapper\">\n  <h4><a href=\"https:\/\/www.ejecentral.com.mx\/nuestro-eje\/las-ratas-se-pueden-reir-esto-dicen-estudios-cientificos\" target='_blank' rel=\"noopener noreferrer\">\u00bfLas ratas se pueden re\u00edr? Esto dicen estudios cient\u00edficos<\/a><\/h4>\n  <div>\n      <span>\n        \n        <strong>Source:<\/strong> \n        ejecentral.com.mx\n      <\/span>\n      | \n      <span>\n      \t\n        <strong>Date:<\/strong> \n        05.04.2025\n      <\/span>\n       | \n      \t<span>\n        \t\n            <strong>Scientist:<\/strong> \n            Michael Brecht\n        <\/span>\n      \n  <\/div>\n<\/div>\n\t\n\t\t<div class=\"medienecho-inner-wrapper\">\n  <h4><a href=\"https:\/\/www.heise.de\/news\/Schlaganfall-Brain-Computer-Interface-soll-Sprechen-in-Echtzeit-ermoeglichen-10334822.html\" target='_blank' rel=\"noopener noreferrer\">Schlaganfall: Brain-Computer-Interface soll Sprechen in Echtzeit erm\u00f6glichen<\/a><\/h4>\n  <div>\n      <span>\n        \n        <strong>Source:<\/strong> \n        heise online\n      <\/span>\n      | \n      <span>\n      \t\n        <strong>Date:<\/strong> \n        31.03.2025\n      <\/span>\n       | \n      \t<span>\n        \t\n            <strong>Scientist:<\/strong> \n            Simon Jacob\n        <\/span>\n      \n  <\/div>\n<\/div>\n\t\n\t\t<div class=\"medienecho-inner-wrapper\">\n  <h4><a href=\"https:\/\/www.bernerzeitung.ch\/universitaet-bern-forscher-wollen-einen-pakt-mit-ki-schliessen-421867647812\" target='_blank' rel=\"noopener noreferrer\">Berner Forscher wollen einen Deal zwischen Mensch und Maschine<\/a><\/h4>\n  <div>\n      <span>\n        \n        <strong>Source:<\/strong> \n        Berner Zeitung\n      <\/span>\n      | \n      <span>\n      \t\n        <strong>Date:<\/strong> \n        13.03.2025\n      <\/span>\n       | \n      \t<span>\n        \t\n            <strong>Scientist:<\/strong> \n            Federico Benitez\n        <\/span>\n      \n  <\/div>\n<\/div>\n\t\n\t\t<div class=\"medienecho-inner-wrapper\">\n  <h4><a href=\"https:\/\/main-riedberg.de\/sehen-lernen-eine-mischung-aus-vorgabe-und-erfahrung\/\" target='_blank' rel=\"noopener noreferrer\">Sehen lernen: Eine Mischung aus Vorgabe und Erfahrung<\/a><\/h4>\n  <div>\n      <span>\n        \n        <strong>Source:<\/strong> \n        Main Riedberg, Stadtteil Magazin\n      <\/span>\n      | \n      <span>\n      \t\n        <strong>Date:<\/strong> \n        12.02.2025\n      <\/span>\n       | \n      \t<span>\n        \t\n            <strong>Scientist:<\/strong> \n            Matthias Kaschube, Sigrid Tr\u00e4genap\n        <\/span>\n      \n  <\/div>\n<\/div>\n\t\n\t\t<div class=\"medienecho-inner-wrapper\">\n  <h4><a href=\"https:\/\/www.thetransmitter.org\/learning\/dopamine-gas-pedal-and-serotonin-brake-team-up-to-accelerate-learning\/\" target='_blank' rel=\"noopener noreferrer\">Dopamine \u2018gas pedal\u2019 and serotonin \u2018brake\u2019 team up to accelerate learning<\/a><\/h4>\n  <div>\n      <span>\n        \n        <strong>Source:<\/strong> \n        The Transmitter\n      <\/span>\n      | \n      <span>\n      \t\n        <strong>Date:<\/strong> \n        12.02.2025\n      <\/span>\n       | \n      \t<span>\n        \t\n            <strong>Scientist:<\/strong> \n            Peter Dayan\n        <\/span>\n      \n  <\/div>\n<\/div>\n\t\n\t\t<div class=\"medienecho-inner-wrapper\">\n  <h4><a href=\"https:\/\/www.suedtirolnews.it\/wirtschaft\/land-verlaengert-vereinbarung-zu-valentin-braitenberg-preis\" target='_blank' rel=\"noopener noreferrer\">Land verl\u00e4ngert Vereinbarung zu Valentin-Braitenberg-Preis<\/a><\/h4>\n  <div>\n      <span>\n        \n        <strong>Source:<\/strong> \n        S\u00fcdtirol News\n      <\/span>\n      | \n      <span>\n      \t\n        <strong>Date:<\/strong> \n        21.01.2025\n      <\/span>\n      \n  <\/div>\n<\/div>\n\t\n\t\t<div class=\"medienecho-inner-wrapper\">\n  <h4><a href=\"https:\/\/taz.de\/!6061488\/\" target='_blank' rel=\"noopener noreferrer\">Teamwork Sehen G\u00f6ttinger Forscher revolutionieren den Blick aufs Auge<\/a><\/h4>\n  <div>\n      <span>\n        \n        <strong>Source:<\/strong> \n        taz, online\n      <\/span>\n      | \n      <span>\n      \t\n        <strong>Date:<\/strong> \n        20.01.2025\n      <\/span>\n       | \n      \t<span>\n        \t\n            <strong>Scientist:<\/strong> \n            Tim Gollisch\n        <\/span>\n      \n  <\/div>\n<\/div>\n\t\n\t\t<div class=\"medienecho-inner-wrapper\">\n  <h4><a href=\"https:\/\/www.merkur.de\/leben\/gesundheit\/brrr-so-kalt-warum-wir-frieren-und-was-uns-warmhaelt-zr-93507117.html\" target='_blank' rel=\"noopener noreferrer\">Only available in German: Brrr, so kalt! Warum wir frieren &#8211; und was uns warmh\u00e4lt<\/a><\/h4>\n  <div>\n      <span>\n        \n        <strong>Source:<\/strong> \n        Merkur.de\n      <\/span>\n      | \n      <span>\n      \t\n        <strong>Date:<\/strong> \n        10.01.2025\n      <\/span>\n       | \n      \t<span>\n        \t\n            <strong>Scientist:<\/strong> \n            R\u00fcdiger K\u00f6hling\n        <\/span>\n      \n  <\/div>\n<\/div>\n\t\n\t\n\t\n\t\n<\/div>\n<\/div>\n<\/div>\n\t\n\t\n\t\n\t\n<\/div>\n\n<\/div><\/section><\/div>\n<\/p>\n<\/div><\/div><\/div><!-- close content main div --><\/div><\/div>\n<style type=\"text\/css\" data-created_by=\"avia_inline_auto\" id=\"style-css-av-n40e1-1-4b63c061b9376d59eb1b864b081e710b\">\n.avia-section.av-n40e1-1-4b63c061b9376d59eb1b864b081e710b{\nbackground-color:#ffffff;\nbackground-image:unset;\n}\n<\/style>\n<div id='av_section_4'  class='avia-section av-n40e1-1-4b63c061b9376d59eb1b864b081e710b alternate_color avia-section-default avia-no-border-styling  avia-builder-el-15  el_after_av_section  el_before_av_submenu  avia-bg-style-scroll container_wrap fullsize'  ><div class='container av-section-cont-open' ><div class='template-page content  av-content-full alpha units'><div class='post-entry post-entry-type-page post-entry-39070'><div class='entry-content-wrapper clearfix'>\n\n<style type=\"text\/css\" data-created_by=\"avia_inline_auto\" id=\"style-css-av-h82rd-10-dd11b586251f9cd0c04bde8a03d1bfde\">\n.flex_column.av-h82rd-10-dd11b586251f9cd0c04bde8a03d1bfde{\nborder-radius:0px 0px 0px 0px;\npadding:0px 0px 0px 0px;\n}\n<\/style>\n<div  class='flex_column av-h82rd-10-dd11b586251f9cd0c04bde8a03d1bfde av_one_full  avia-builder-el-16  avia-builder-el-no-sibling  first flex_column_div av-zero-column-padding  '     ><style type=\"text\/css\" data-created_by=\"avia_inline_auto\" id=\"style-css-av-2ovq-fd6834efca1dd2609e8d9068f7f07894\">\n#top .av-special-heading.av-2ovq-fd6834efca1dd2609e8d9068f7f07894{\npadding-bottom:10px;\n}\nbody .av-special-heading.av-2ovq-fd6834efca1dd2609e8d9068f7f07894 .av-special-heading-tag .heading-char{\nfont-size:25px;\n}\n.av-special-heading.av-2ovq-fd6834efca1dd2609e8d9068f7f07894 .av-subheading{\nfont-size:15px;\n}\n<\/style>\n<div  class='av-special-heading av-2ovq-fd6834efca1dd2609e8d9068f7f07894 av-special-heading-h3 blockquote modern-quote  avia-builder-el-17  avia-builder-el-no-sibling '><h3 class='av-special-heading-tag '  >Media coverage of past years<\/h3><div class=\"special-heading-border\"><div class=\"special-heading-inner-border\"><\/div><\/div><\/div><\/div>\n\n<\/div><\/div><\/div><!-- close content main div --><\/div><\/div><div id='sub_menu1'  class='av-submenu-container av-kl9r2svj-e2fac06b4f9f573d7544a4a1009e152a main_color  avia-builder-el-18  el_after_av_section  avia-builder-el-last  medienecho-menu submenu-not-first container_wrap fullsize' style='z-index:301' ><div class='container av-menu-mobile-disabled av-submenu-pos-center'><ul id=\"menu-medienecho-vergangener-jahre-en\" class=\"av-subnav-menu\" role=\"menu\"><li role=\"menuitem\" id=\"menu-item-31706\" class=\"menu-item menu-item-type-post_type menu-item-object-page menu-item-top-level menu-item-top-level-1\"><a href=\"https:\/\/bernstein-network.de\/en\/newsroom\/media-coverage\/\" tabindex=\"0\"><span class=\"avia-bullet\"><\/span><span class=\"avia-menu-text\">2026<\/span><span class=\"avia-menu-fx\"><span class=\"avia-arrow-wrap\"><span class=\"avia-arrow\"><\/span><\/span><\/span><\/a><\/li>\n<li role=\"menuitem\" id=\"menu-item-39077\" class=\"menu-item menu-item-type-post_type menu-item-object-page menu-item-top-level menu-item-top-level-2\"><a href=\"https:\/\/bernstein-network.de\/en\/newsroom\/media-coverage\/media-coverage-2025\/\" tabindex=\"0\"><span class=\"avia-bullet\"><\/span><span class=\"avia-menu-text\">2025<\/span><span class=\"avia-menu-fx\"><span class=\"avia-arrow-wrap\"><span class=\"avia-arrow\"><\/span><\/span><\/span><\/a><\/li>\n<li role=\"menuitem\" id=\"menu-item-31705\" class=\"menu-item menu-item-type-post_type menu-item-object-page menu-item-top-level menu-item-top-level-3\"><a href=\"https:\/\/bernstein-network.de\/en\/newsroom\/media-coverage\/medienecho-2024\/\" tabindex=\"0\"><span class=\"avia-bullet\"><\/span><span class=\"avia-menu-text\">2024<\/span><span class=\"avia-menu-fx\"><span class=\"avia-arrow-wrap\"><span class=\"avia-arrow\"><\/span><\/span><\/span><\/a><\/li>\n<li role=\"menuitem\" id=\"menu-item-26658\" class=\"menu-item menu-item-type-post_type menu-item-object-page menu-item-top-level menu-item-top-level-4\"><a href=\"https:\/\/bernstein-network.de\/en\/newsroom\/media-coverage\/media-coverage-2023\/\" tabindex=\"0\"><span class=\"avia-bullet\"><\/span><span class=\"avia-menu-text\">2023<\/span><span class=\"avia-menu-fx\"><span class=\"avia-arrow-wrap\"><span class=\"avia-arrow\"><\/span><\/span><\/span><\/a><\/li>\n<li role=\"menuitem\" id=\"menu-item-20834\" class=\"menu-item menu-item-type-post_type menu-item-object-page menu-item-top-level menu-item-top-level-5\"><a href=\"https:\/\/bernstein-network.de\/en\/newsroom\/media-coverage\/media-coverage-2022\/\" tabindex=\"0\"><span class=\"avia-bullet\"><\/span><span class=\"avia-menu-text\">2022<\/span><span class=\"avia-menu-fx\"><span class=\"avia-arrow-wrap\"><span class=\"avia-arrow\"><\/span><\/span><\/span><\/a><\/li>\n<li role=\"menuitem\" id=\"menu-item-15694\" class=\"menu-item menu-item-type-post_type menu-item-object-page menu-item-top-level menu-item-top-level-6\"><a href=\"https:\/\/bernstein-network.de\/en\/newsroom\/media-coverage\/media-coverage-2021\/\" tabindex=\"0\"><span class=\"avia-bullet\"><\/span><span class=\"avia-menu-text\">2021<\/span><span class=\"avia-menu-fx\"><span class=\"avia-arrow-wrap\"><span class=\"avia-arrow\"><\/span><\/span><\/span><\/a><\/li>\n<li role=\"menuitem\" id=\"menu-item-9791\" class=\"menu-item menu-item-type-post_type menu-item-object-page menu-item-top-level menu-item-top-level-7\"><a href=\"https:\/\/bernstein-network.de\/en\/newsroom\/media-coverage\/year-2020\/\" tabindex=\"0\"><span class=\"avia-bullet\"><\/span><span class=\"avia-menu-text\">2020<\/span><span class=\"avia-menu-fx\"><span class=\"avia-arrow-wrap\"><span class=\"avia-arrow\"><\/span><\/span><\/span><\/a><\/li>\n<li role=\"menuitem\" id=\"menu-item-9792\" class=\"menu-item menu-item-type-post_type menu-item-object-page menu-item-top-level menu-item-top-level-8\"><a href=\"https:\/\/bernstein-network.de\/en\/newsroom\/media-coverage\/year-2019\/\" tabindex=\"0\"><span class=\"avia-bullet\"><\/span><span class=\"avia-menu-text\">2019<\/span><span class=\"avia-menu-fx\"><span class=\"avia-arrow-wrap\"><span class=\"avia-arrow\"><\/span><\/span><\/span><\/a><\/li>\n<li role=\"menuitem\" id=\"menu-item-9793\" class=\"menu-item menu-item-type-post_type menu-item-object-page menu-item-top-level menu-item-top-level-9\"><a href=\"https:\/\/bernstein-network.de\/en\/newsroom\/media-coverage\/year-2018\/\" tabindex=\"0\"><span class=\"avia-bullet\"><\/span><span class=\"avia-menu-text\">2018<\/span><span class=\"avia-menu-fx\"><span class=\"avia-arrow-wrap\"><span class=\"avia-arrow\"><\/span><\/span><\/span><\/a><\/li>\n<li role=\"menuitem\" id=\"menu-item-9794\" class=\"menu-item menu-item-type-post_type menu-item-object-page menu-item-top-level menu-item-top-level-10\"><a href=\"https:\/\/bernstein-network.de\/en\/newsroom\/media-coverage\/year-2017\/\" tabindex=\"0\"><span class=\"avia-bullet\"><\/span><span class=\"avia-menu-text\">2017<\/span><span class=\"avia-menu-fx\"><span class=\"avia-arrow-wrap\"><span class=\"avia-arrow\"><\/span><\/span><\/span><\/a><\/li>\n<\/ul><\/div><\/div>\n","protected":false},"excerpt":{"rendered":"","protected":false},"author":1,"featured_media":0,"parent":569,"menu_order":0,"comment_status":"closed","ping_status":"closed","template":"","meta":{"footnotes":""},"class_list":["post-39070","page","type-page","status-publish","hentry"],"yoast_head":"<!-- This site is optimized with the Yoast SEO plugin v25.9 - https:\/\/yoast.com\/wordpress\/plugins\/seo\/ -->\n<title>Media Coverage 2025 &#8211; Bernstein Network Computational Neuroscience<\/title>\n<meta name=\"robots\" content=\"index, follow, max-snippet:-1, max-image-preview:large, max-video-preview:-1\" \/>\n<link rel=\"canonical\" href=\"https:\/\/bernstein-network.de\/en\/newsroom\/media-coverage\/media-coverage-2025\/\" \/>\n<meta property=\"og:locale\" content=\"en_US\" \/>\n<meta property=\"og:type\" content=\"article\" \/>\n<meta property=\"og:title\" content=\"Media Coverage 2025 &#8211; Bernstein Network Computational Neuroscience\" \/>\n<meta property=\"og:url\" content=\"https:\/\/bernstein-network.de\/en\/newsroom\/media-coverage\/media-coverage-2025\/\" \/>\n<meta property=\"og:site_name\" content=\"Bernstein Network Computational Neuroscience\" \/>\n<meta property=\"article:modified_time\" content=\"2026-01-07T10:51:47+00:00\" \/>\n<meta name=\"twitter:card\" content=\"summary_large_image\" \/>\n<meta name=\"twitter:label1\" content=\"Est. reading time\" \/>\n\t<meta name=\"twitter:data1\" content=\"13 minutes\" \/>\n<script type=\"application\/ld+json\" class=\"yoast-schema-graph\">{\"@context\":\"https:\/\/schema.org\",\"@graph\":[{\"@type\":\"WebPage\",\"@id\":\"https:\/\/bernstein-network.de\/en\/newsroom\/media-coverage\/media-coverage-2025\/\",\"url\":\"https:\/\/bernstein-network.de\/en\/newsroom\/media-coverage\/media-coverage-2025\/\",\"name\":\"Media Coverage 2025 &#8211; Bernstein Network Computational Neuroscience\",\"isPartOf\":{\"@id\":\"https:\/\/bernstein-network.de\/en\/#website\"},\"datePublished\":\"2026-01-07T10:22:22+00:00\",\"dateModified\":\"2026-01-07T10:51:47+00:00\",\"breadcrumb\":{\"@id\":\"https:\/\/bernstein-network.de\/en\/newsroom\/media-coverage\/media-coverage-2025\/#breadcrumb\"},\"inLanguage\":\"en-US\",\"potentialAction\":[{\"@type\":\"ReadAction\",\"target\":[\"https:\/\/bernstein-network.de\/en\/newsroom\/media-coverage\/media-coverage-2025\/\"]}]},{\"@type\":\"BreadcrumbList\",\"@id\":\"https:\/\/bernstein-network.de\/en\/newsroom\/media-coverage\/media-coverage-2025\/#breadcrumb\",\"itemListElement\":[{\"@type\":\"ListItem\",\"position\":1,\"name\":\"Home\",\"item\":\"https:\/\/bernstein-network.de\/en\/home\/\"},{\"@type\":\"ListItem\",\"position\":2,\"name\":\"Newsroom\",\"item\":\"https:\/\/bernstein-network.de\/en\/newsroom\/\"},{\"@type\":\"ListItem\",\"position\":3,\"name\":\"Media Coverage\",\"item\":\"https:\/\/bernstein-network.de\/en\/newsroom\/medienecho\/\"},{\"@type\":\"ListItem\",\"position\":4,\"name\":\"Media Coverage 2025\"}]},{\"@type\":\"WebSite\",\"@id\":\"https:\/\/bernstein-network.de\/en\/#website\",\"url\":\"https:\/\/bernstein-network.de\/en\/\",\"name\":\"Bernstein Network Computational Neuroscience\",\"description\":\"\",\"potentialAction\":[{\"@type\":\"SearchAction\",\"target\":{\"@type\":\"EntryPoint\",\"urlTemplate\":\"https:\/\/bernstein-network.de\/en\/?s={search_term_string}\"},\"query-input\":{\"@type\":\"PropertyValueSpecification\",\"valueRequired\":true,\"valueName\":\"search_term_string\"}}],\"inLanguage\":\"en-US\"}]}<\/script>\n<!-- \/ Yoast SEO plugin. -->","yoast_head_json":{"title":"Media Coverage 2025 &#8211; Bernstein Network Computational Neuroscience","robots":{"index":"index","follow":"follow","max-snippet":"max-snippet:-1","max-image-preview":"max-image-preview:large","max-video-preview":"max-video-preview:-1"},"canonical":"https:\/\/bernstein-network.de\/en\/newsroom\/media-coverage\/media-coverage-2025\/","og_locale":"en_US","og_type":"article","og_title":"Media Coverage 2025 &#8211; Bernstein Network Computational Neuroscience","og_url":"https:\/\/bernstein-network.de\/en\/newsroom\/media-coverage\/media-coverage-2025\/","og_site_name":"Bernstein Network Computational Neuroscience","article_modified_time":"2026-01-07T10:51:47+00:00","twitter_card":"summary_large_image","twitter_misc":{"Est. reading time":"13 minutes"},"schema":{"@context":"https:\/\/schema.org","@graph":[{"@type":"WebPage","@id":"https:\/\/bernstein-network.de\/en\/newsroom\/media-coverage\/media-coverage-2025\/","url":"https:\/\/bernstein-network.de\/en\/newsroom\/media-coverage\/media-coverage-2025\/","name":"Media Coverage 2025 &#8211; Bernstein Network Computational Neuroscience","isPartOf":{"@id":"https:\/\/bernstein-network.de\/en\/#website"},"datePublished":"2026-01-07T10:22:22+00:00","dateModified":"2026-01-07T10:51:47+00:00","breadcrumb":{"@id":"https:\/\/bernstein-network.de\/en\/newsroom\/media-coverage\/media-coverage-2025\/#breadcrumb"},"inLanguage":"en-US","potentialAction":[{"@type":"ReadAction","target":["https:\/\/bernstein-network.de\/en\/newsroom\/media-coverage\/media-coverage-2025\/"]}]},{"@type":"BreadcrumbList","@id":"https:\/\/bernstein-network.de\/en\/newsroom\/media-coverage\/media-coverage-2025\/#breadcrumb","itemListElement":[{"@type":"ListItem","position":1,"name":"Home","item":"https:\/\/bernstein-network.de\/en\/home\/"},{"@type":"ListItem","position":2,"name":"Newsroom","item":"https:\/\/bernstein-network.de\/en\/newsroom\/"},{"@type":"ListItem","position":3,"name":"Media Coverage","item":"https:\/\/bernstein-network.de\/en\/newsroom\/medienecho\/"},{"@type":"ListItem","position":4,"name":"Media Coverage 2025"}]},{"@type":"WebSite","@id":"https:\/\/bernstein-network.de\/en\/#website","url":"https:\/\/bernstein-network.de\/en\/","name":"Bernstein Network Computational Neuroscience","description":"","potentialAction":[{"@type":"SearchAction","target":{"@type":"EntryPoint","urlTemplate":"https:\/\/bernstein-network.de\/en\/?s={search_term_string}"},"query-input":{"@type":"PropertyValueSpecification","valueRequired":true,"valueName":"search_term_string"}}],"inLanguage":"en-US"}]}},"_links":{"self":[{"href":"https:\/\/bernstein-network.de\/en\/wp-json\/wp\/v2\/pages\/39070","targetHints":{"allow":["GET"]}}],"collection":[{"href":"https:\/\/bernstein-network.de\/en\/wp-json\/wp\/v2\/pages"}],"about":[{"href":"https:\/\/bernstein-network.de\/en\/wp-json\/wp\/v2\/types\/page"}],"author":[{"embeddable":true,"href":"https:\/\/bernstein-network.de\/en\/wp-json\/wp\/v2\/users\/1"}],"replies":[{"embeddable":true,"href":"https:\/\/bernstein-network.de\/en\/wp-json\/wp\/v2\/comments?post=39070"}],"version-history":[{"count":21,"href":"https:\/\/bernstein-network.de\/en\/wp-json\/wp\/v2\/pages\/39070\/revisions"}],"predecessor-version":[{"id":39078,"href":"https:\/\/bernstein-network.de\/en\/wp-json\/wp\/v2\/pages\/39070\/revisions\/39078"}],"up":[{"embeddable":true,"href":"https:\/\/bernstein-network.de\/en\/wp-json\/wp\/v2\/pages\/569"}],"wp:attachment":[{"href":"https:\/\/bernstein-network.de\/en\/wp-json\/wp\/v2\/media?parent=39070"}],"curies":[{"name":"wp","href":"https:\/\/api.w.org\/{rel}","templated":true}]}}